{"id":912,"date":"2025-10-20T15:56:16","date_gmt":"2025-10-20T13:56:16","guid":{"rendered":"https:\/\/heimatmuseum-allendorf.de\/?post_type=tribe_events&#038;p=912"},"modified":"2026-03-03T09:40:05","modified_gmt":"2026-03-03T08:40:05","slug":"museumsgebaeude-und-buergertreff-geoeffnet-12","status":"publish","type":"tribe_events","link":"https:\/\/heimatmuseum-allendorf.de\/?tribe_events=museumsgebaeude-und-buergertreff-geoeffnet-12","title":{"rendered":"Museumsgeb\u00e4ude und B\u00fcrgertreff ge\u00f6ffnet"},"content":{"rendered":"<p>Am Sonntag, 12. April 2026, von 14 \u2013 16 Uhr,<\/p>\n<p>werden im B\u00fcrgertreff Allendorfer Altstadt voll funktionsf\u00e4hige Phonografen und Polphone gezeigt und vorgef\u00fchrt. Die seltenen Exponate, die Helmut Scharnagl<\/p>\n<p>pr\u00e4sentiert, sind Hingucker. Ein Besuch lohnt sich!<\/p>\n<p>&nbsp;<\/p>\n<p>Au\u00dferdem sind die BesucherInnen zu Kaffee und selbstgebackenen Kuchen<\/p>\n<p>eingeladen.<\/p>\n","protected":false},"excerpt":{"rendered":"<p>Am Sonntag, 12. April 2026, von 14 \u2013 16 Uhr, werden im B\u00fcrgertreff Allendorfer Altstadt voll funktionsf\u00e4hige Phonografen und Polphone gezeigt und vorgef\u00fchrt. Die seltenen Exponate, die Helmut Scharnagl pr\u00e4sentiert, sind Hingucker. Ein Besuch lohnt sich! &nbsp; Au\u00dferdem sind die &hellip; <a href=\"https:\/\/heimatmuseum-allendorf.de\/?tribe_events=museumsgebaeude-und-buergertreff-geoeffnet-12\">Weiterlesen <span class=\"meta-nav\">&rarr;<\/span><\/a><\/p>\n","protected":false},"author":3,"featured_media":0,"template":"","meta":{"_tribe_events_status":"","_tribe_events_status_reason":"","footnotes":""},"tags":[],"tribe_events_cat":[],"class_list":["post-912","tribe_events","type-tribe_events","status-publish","hentry"],"_links":{"self":[{"href":"https:\/\/heimatmuseum-allendorf.de\/index.php?rest_route=\/wp\/v2\/tribe_events\/912","targetHints":{"allow":["GET"]}}],"collection":[{"href":"https:\/\/heimatmuseum-allendorf.de\/index.php?rest_route=\/wp\/v2\/tribe_events"}],"about":[{"href":"https:\/\/heimatmuseum-allendorf.de\/index.php?rest_route=\/wp\/v2\/types\/tribe_events"}],"author":[{"embeddable":true,"href":"https:\/\/heimatmuseum-allendorf.de\/index.php?rest_route=\/wp\/v2\/users\/3"}],"version-history":[{"count":2,"href":"https:\/\/heimatmuseum-allendorf.de\/index.php?rest_route=\/wp\/v2\/tribe_events\/912\/revisions"}],"predecessor-version":[{"id":1144,"href":"https:\/\/heimatmuseum-allendorf.de\/index.php?rest_route=\/wp\/v2\/tribe_events\/912\/revisions\/1144"}],"wp:attachment":[{"href":"https:\/\/heimatmuseum-allendorf.de\/index.php?rest_route=%2Fwp%2Fv2%2Fmedia&parent=912"}],"wp:term":[{"taxonomy":"post_tag","embeddable":true,"href":"https:\/\/heimatmuseum-allendorf.de\/index.php?rest_route=%2Fwp%2Fv2%2Ftags&post=912"},{"taxonomy":"tribe_events_cat","embeddable":true,"href":"https:\/\/heimatmuseum-allendorf.de\/index.php?rest_route=%2Fwp%2Fv2%2Ftribe_events_cat&post=912"}],"curies":[{"name":"wp","href":"https:\/\/api.w.org\/{rel}","templated":true}]}}